{"id":1345,"date":"2025-09-30T15:00:16","date_gmt":"2025-09-30T15:00:16","guid":{"rendered":"https:\/\/carlosa278.sg-host.com\/?page_id=1345"},"modified":"2025-11-24T13:41:47","modified_gmt":"2025-11-24T13:41:47","slug":"textil","status":"publish","type":"page","link":"https:\/\/citearequipa.org\/en\/textil\/","title":{"rendered":"Textile"},"content":{"rendered":"<div class=\"wpb-content-wrapper\"><div id=\"textil-hero-container\" data-vc-full-width=\"true\" data-vc-full-width-temp=\"true\" data-vc-full-width-init=\"false\" data-vc-stretch-content=\"true\" class=\"vc_row wpb_row row top-row vc_row-no-padding wpb_custom_034b39d9bc6c6b310d69e39f0ccf274f\"><div class=\"hero-column vc_column_container col-md-12 vc_custom_1759210268492\"><div class=\"wpb_wrapper vc_column-inner\">\r\n\t<div class=\"wpb_single_image wpb_content_element vc_align_left wpb_content_element   hero-img wpb_custom_81a4f7ef9830bf958462581aa01150fb\"><div class=\"wpb_wrapper\">\r\n\t\t\t\r\n\t\t\t<div class=\"vc_single_image-wrapper   vc_box_border_grey\"><img loading=\"lazy\" decoding=\"async\" width=\"1920\" height=\"1000\" src=\"https:\/\/citearequipa.org\/wp-content\/uploads\/2025\/09\/textil-hero.jpg\" class=\"vc_single_image-img attachment-full\" alt=\"\u00c1rea Textil\" title=\"textil-hero\" srcset=\"https:\/\/citearequipa.org\/wp-content\/uploads\/2025\/09\/textil-hero.jpg 1920w, https:\/\/citearequipa.org\/wp-content\/uploads\/2025\/09\/textil-hero-1024x533.jpg 1024w, https:\/\/citearequipa.org\/wp-content\/uploads\/2025\/09\/textil-hero-768x400.jpg 768w, https:\/\/citearequipa.org\/wp-content\/uploads\/2025\/09\/textil-hero-1536x800.jpg 1536w, https:\/\/citearequipa.org\/wp-content\/uploads\/2025\/09\/textil-hero-640x333.jpg 640w, https:\/\/citearequipa.org\/wp-content\/uploads\/2025\/09\/textil-hero-400x208.jpg 400w, https:\/\/citearequipa.org\/wp-content\/uploads\/2025\/09\/textil-hero-1140x595.jpg 1140w, https:\/\/citearequipa.org\/wp-content\/uploads\/2025\/09\/textil-hero-367x191.jpg 367w\" sizes=\"auto, (max-width: 1920px) 100vw, 1920px\" \/><\/div>\r\n\t\t<\/div>\r\n\t<\/div>\r\n\n\t<div class=\"wpb_raw_code wpb_raw_html wpb_content_element vc_custom_1760464006008\" >\n\t\t<div class=\"wpb_wrapper\">\n\t\t\t<div class=\"textil-hero-contenido\">\n    <h1 class=\"textil-hero-title\">\u00c1rea Textil<\/h1>    \n    <p class=\"textil-hero-parrafo\">Desarrollando el sector textil artesanal de la Regi\u00f3n Arequipa<\/p>\n    <a href=\"https:\/\/citearequipa.org\/contacto\/\"><button class=\"btn-mas\">Cont\u00e1ctanos<\/button><\/a>\n<\/div>\n\t\t<\/div>\n\t<\/div>\n<\/div><\/div><\/div><div class=\"vc_row-full-width vc_clearfix\"><\/div><div id=\"textil-capacitaciones-container\" class=\"vc_row wpb_row row top-row wpb_custom_034b39d9bc6c6b310d69e39f0ccf274f\"><div class=\"vc_column_container col-md-12\"><div class=\"wpb_wrapper vc_column-inner\">\r\n\t<div class=\"wpb_text_column wpb_content_element vc_custom_1759873033287 capacitaciones-titulo wpb_custom_2de644a22d04d1d4f91ec0bed521ccc6\" >\r\n\t\t<div class=\"wpb_wrapper\">\r\n\t\t\t<h2 style=\"text-align: center;\">Capacitaciones de Textiles<\/h2>\n\r\n\t\t<\/div>\r\n\t<\/div>\r\n\n\t<div class=\"wpb_raw_code wpb_raw_html wpb_content_element vc_custom_1763991704783\" >\n\t\t<div class=\"wpb_wrapper\">\n\t\t\t<div class=\"grid\">\r\n  <div class=\"card\">\r\n    <div class=\"icon-wrap\">\r\n      <img decoding=\"async\" src=\"https:\/\/citearequipa.org\/wp-content\/uploads\/2025\/10\/textil-icono-tejido-palitos.png\" alt=\"Icono de Tejido a palitos\">    \r\n    <\/div>\r\n    <div class=\"panel\"><p>Tejido a palitos<\/p><\/div>\r\n  <\/div>\r\n  \r\n  <div class=\"card\">\r\n    <div class=\"icon-wrap\">\r\n      <img decoding=\"async\" src=\"https:\/\/citearequipa.org\/wp-content\/uploads\/2025\/10\/textil-icono-tejido-crochet.png\" alt=\"Icono de Tejido a crochet\">    \r\n    <\/div>\r\n    <div class=\"panel\"><p>Tejido a crochet<\/p><\/div>\r\n  <\/div>\r\n  \r\n  <div class=\"card\">\r\n    <div class=\"icon-wrap\">\r\n      <img decoding=\"async\" src=\"https:\/\/citearequipa.org\/wp-content\/uploads\/2025\/10\/textil-icono-tejido-maquina.png\" alt=\"Icono de Tejido a m\u00e1quina\">    \r\n    <\/div>\r\n    <div class=\"panel\"><p>Tejido a m\u00e1quina<\/p><\/div>\r\n  <\/div>\r\n  \r\n  <div class=\"card\">\r\n    <div class=\"icon-wrap\">\r\n      <img decoding=\"async\" src=\"https:\/\/citearequipa.org\/wp-content\/uploads\/2025\/10\/textil-icono-hilado.png\" alt=\"Icono de Hilado Artesanal\">    \r\n    <\/div>\r\n    <div class=\"panel\"><p>Hilado Artesanal<\/p><\/div>\r\n  <\/div>\r\n  \r\n  <div class=\"card\">\r\n    <div class=\"icon-wrap\">\r\n      <img decoding=\"async\" src=\"https:\/\/citearequipa.org\/wp-content\/uploads\/2025\/10\/textil-icono-bordados.png\" alt=\"Icono palitos del Bordados del Colca\">    \r\n    <\/div>\r\n    <div class=\"panel\"><p>Bordados del Colca<\/p><\/div>\r\n  <\/div>\r\n  \r\n  <div class=\"card\">\r\n    <div class=\"icon-wrap\">\r\n      <img decoding=\"async\" src=\"https:\/\/citearequipa.org\/wp-content\/uploads\/2025\/10\/textil-icono-tenido.png\" alt=\"Icono de Te\u00f1ido Natural\">    \r\n    <\/div>\r\n    <div class=\"panel\"><p>Te\u00f1ido Natural<\/p><\/div>\r\n  <\/div>\r\n  \r\n  <div class=\"card\">\r\n    <div class=\"icon-wrap\">\r\n      <img decoding=\"async\" src=\"https:\/\/citearequipa.org\/wp-content\/uploads\/2025\/10\/textil-icono-otros.png\" alt=\"Icono de Otras t\u00e9cnicas textiles\">    \r\n    <\/div>\r\n    <div class=\"panel\"><p>Otras t\u00e9cnicas textiles<\/p><\/div>\r\n  <\/div>\r\n\r\n<\/div>\n\t\t<\/div>\n\t<\/div>\n<\/div><\/div><\/div><div id=\"textil-servicios-title\" class=\"vc_row wpb_row row top-row wpb_custom_034b39d9bc6c6b310d69e39f0ccf274f\"><div class=\"vc_column_container col-md-12\"><div class=\"wpb_wrapper vc_column-inner\">\r\n\t<div class=\"wpb_text_column wpb_content_element vc_custom_1759699485236 servicios-title wpb_custom_e43e40da62080848545734e5cd85f18a\" >\r\n\t\t<div class=\"wpb_wrapper\">\r\n\t\t\t<h2 style=\"text-align: center;\">Nuestros Servicios de Textil<\/h2>\n\r\n\t\t<\/div>\r\n\t<\/div>\r\n<\/div><\/div><\/div><div id=\"textil-servicios-container\" class=\"vc_row wpb_row row top-row wpb_custom_034b39d9bc6c6b310d69e39f0ccf274f\"><div class=\"vc_column_container col-md-12\"><div class=\"wpb_wrapper vc_column-inner\"><div class=\"vc_row wpb_row vc_inner row servicios-lists-container\"><div class=\"servicio-list vc_column_container col-md-6\"><div class=\"wpb_wrapper vc_column-inner\">\n\t<div class=\"wpb_raw_code wpb_raw_html wpb_content_element vc_custom_1759673583471\" >\n\t\t<div class=\"wpb_wrapper\">\n\t\t\t<div class=\"porto-toggles wpb_content_element \">\r\n\r\n<section class=\"vc_do_toggle toggle  active \"><label>Control de calidad<\/label><div class=\"toggle-content\"><p>Revisi\u00f3n de prendas tejidas en cualquier tipo de hilado, verificando medidas, tensi\u00f3n, puntos y acabados.<\/p>\n<\/div><\/section>\r\n\r\n<section class=\"vc_do_toggle toggle \">\r\n<label>Tejido a mano<\/label>\r\n<div class=\"toggle-content\">\r\n<p>\r\nCapacitaci\u00f3n desde el nivel b\u00e1sico hasta el especializado.\r\n<\/p>\r\n<\/div>\r\n<\/section>\r\n\r\n<section class=\"vc_do_toggle toggle\">\r\n<label>Vaporizado<\/label>\r\n<div class=\"toggle-content\">\r\n<p>\r\nInstrucci\u00f3n sobre el correcto planchado a vapor de las prendas, con los cuidados necesarios.\r\n<\/p>\r\n<\/div>\r\n<\/section>\r\n\r\n<section class=\"vc\\_do\\_toggle toggle\">\r\n<label>Asistencia t\u00e9cnica<\/label>\r\n<div class=\"toggle-content\">\r\n<p>\r\nAcompa\u00f1amiento y asesor\u00edas personalizadas para mejorar la calidad del trabajo artesanal.\r\n<\/p>\r\n<\/div>\r\n<\/section>\r\n\r\n\r\n<\/div>\n\t\t<\/div>\n\t<\/div>\n<\/div><\/div><div class=\"servicio-list vc_column_container col-md-6\"><div class=\"wpb_wrapper vc_column-inner\">\n\t<div class=\"wpb_raw_code wpb_raw_html wpb_content_element\" >\n\t\t<div class=\"wpb_wrapper\">\n\t\t\t<div class=\"porto-toggles wpb_content_element \">\r\n\r\n<section class=\"vc_do_toggle toggle  \"><label>Desarrollo de productos<\/label><div class=\"toggle-content\"><p> Formaci\u00f3n desde cero para dise\u00f1ar y ejecutar proyectos en diferentes t\u00e9cnicas de tejido.<\/p>\n<\/div><\/section>\r\n\r\n<section class=\"vc_do_toggle toggle   \">\r\n<label>Tejido a m\u00e1quina<\/label>\r\n<div class=\"toggle-content\">\r\n<p>\r\nEnse\u00f1anza progresiva, desde lo b\u00e1sico hasta t\u00e9cnicas avanzadas.\r\n<\/p>\r\n<\/div>\r\n<\/section>\r\n\r\n<section class=\"vc_do_toggle toggle  \">\r\n<label>Acabados<\/label>\r\n<div class=\"toggle-content\">\r\n<p>\r\nOrientaci\u00f3n para coser y ocultar el hilado, logrando terminaciones prolijas.\r\n<\/p>\r\n<\/div>\r\n<\/section>\r\n\r\n\r\n<\/div>\n\t\t<\/div>\n\t<\/div>\n<\/div><\/div><\/div><\/div><\/div><\/div><div id=\"textil-resultados-container\" class=\"vc_row wpb_row row top-row vc_custom_1759797412997 vc_row-has-fill wpb_custom_034b39d9bc6c6b310d69e39f0ccf274f\"><div class=\"vc_column_container col-md-12\"><div class=\"wpb_wrapper vc_column-inner\">\r\n\t<div class=\"wpb_text_column wpb_content_element vc_custom_1759802160266 resultados-titulo wpb_custom_2de644a22d04d1d4f91ec0bed521ccc6\" >\r\n\t\t<div class=\"wpb_wrapper\">\r\n\t\t\t<h2 style=\"text-align: center;\">Resultados de capacitaci\u00f3n<\/h2>\n\r\n\t\t<\/div>\r\n\t<\/div>\r\n\r\n\t<div class=\"wpb_text_column wpb_content_element vc_custom_1759802562504 resultados-parrafo wpb_custom_88aee0a74c2f9f4ba293bac733d5ce7c\" >\r\n\t\t<div class=\"wpb_wrapper\">\r\n\t\t\t<p style=\"text-align: center;\">Capacitaciones realizadas en septiembre<\/p>\n\r\n\t\t<\/div>\r\n\t<\/div>\r\n<div id=\"porto-carousel-50109588469f7102a1eb22\" class=\"porto-carousel-wrapper resultados-carousel\" data-gutter=\"40\" data-rtl=\"false\" ><div class=\"porto-ultimate-carousel porto-carousel-1790672069f7102a1eaf8 \" ><div class=\"porto-item-wrap\">\r\n\t<div class=\"wpb_single_image wpb_content_element vc_align_left wpb_content_element  wpb_custom_81a4f7ef9830bf958462581aa01150fb\"><div class=\"wpb_wrapper\">\r\n\t\t\t\r\n\t\t\t<div class=\"vc_single_image-wrapper   vc_box_border_grey\"><img loading=\"lazy\" decoding=\"async\" width=\"1060\" height=\"500\" src=\"https:\/\/citearequipa.org\/wp-content\/uploads\/2025\/10\/Resultados-capacitacion-bordados-colca.jpg\" class=\"vc_single_image-img attachment-full\" alt=\"Bordados del Colca\" title=\"Resultados-capacitacion-bordados-colca\" srcset=\"https:\/\/citearequipa.org\/wp-content\/uploads\/2025\/10\/Resultados-capacitacion-bordados-colca.jpg 1060w, https:\/\/citearequipa.org\/wp-content\/uploads\/2025\/10\/Resultados-capacitacion-bordados-colca-1024x483.jpg 1024w, https:\/\/citearequipa.org\/wp-content\/uploads\/2025\/10\/Resultados-capacitacion-bordados-colca-768x362.jpg 768w, https:\/\/citearequipa.org\/wp-content\/uploads\/2025\/10\/Resultados-capacitacion-bordados-colca-640x302.jpg 640w, https:\/\/citearequipa.org\/wp-content\/uploads\/2025\/10\/Resultados-capacitacion-bordados-colca-400x189.jpg 400w, https:\/\/citearequipa.org\/wp-content\/uploads\/2025\/10\/Resultados-capacitacion-bordados-colca-367x173.jpg 367w\" sizes=\"auto, (max-width: 1060px) 100vw, 1060px\" \/><\/div>\r\n\t\t<\/div>\r\n\t<\/div>\r\n<\/div><div class=\"porto-item-wrap\">\r\n\t<div class=\"wpb_single_image wpb_content_element vc_align_left wpb_content_element  wpb_custom_81a4f7ef9830bf958462581aa01150fb\"><div class=\"wpb_wrapper\">\r\n\t\t\t\r\n\t\t\t<div class=\"vc_single_image-wrapper   vc_box_border_grey\"><img loading=\"lazy\" decoding=\"async\" width=\"1060\" height=\"500\" src=\"https:\/\/citearequipa.org\/wp-content\/uploads\/2025\/10\/Resultados-capacitacion-costura-patronaje.jpg\" class=\"vc_single_image-img attachment-full\" alt=\"Costura y Patronaje\" title=\"Resultados-capacitacion-costura---patronaje\" srcset=\"https:\/\/citearequipa.org\/wp-content\/uploads\/2025\/10\/Resultados-capacitacion-costura-patronaje.jpg 1060w, https:\/\/citearequipa.org\/wp-content\/uploads\/2025\/10\/Resultados-capacitacion-costura-patronaje-1024x483.jpg 1024w, https:\/\/citearequipa.org\/wp-content\/uploads\/2025\/10\/Resultados-capacitacion-costura-patronaje-768x362.jpg 768w, https:\/\/citearequipa.org\/wp-content\/uploads\/2025\/10\/Resultados-capacitacion-costura-patronaje-640x302.jpg 640w, https:\/\/citearequipa.org\/wp-content\/uploads\/2025\/10\/Resultados-capacitacion-costura-patronaje-400x189.jpg 400w, https:\/\/citearequipa.org\/wp-content\/uploads\/2025\/10\/Resultados-capacitacion-costura-patronaje-367x173.jpg 367w\" sizes=\"auto, (max-width: 1060px) 100vw, 1060px\" \/><\/div>\r\n\t\t<\/div>\r\n\t<\/div>\r\n<\/div><div class=\"porto-item-wrap\">\r\n\t<div class=\"wpb_single_image wpb_content_element vc_align_left wpb_content_element  wpb_custom_81a4f7ef9830bf958462581aa01150fb\"><div class=\"wpb_wrapper\">\r\n\t\t\t\r\n\t\t\t<div class=\"vc_single_image-wrapper   vc_box_border_grey\"><img loading=\"lazy\" decoding=\"async\" width=\"1060\" height=\"500\" src=\"https:\/\/citearequipa.org\/wp-content\/uploads\/2025\/10\/Resultados-capacitacion-curso-crochet.jpg\" class=\"vc_single_image-img attachment-full\" alt=\"\" title=\"Resultados-capacitacion-curso-crochet\" srcset=\"https:\/\/citearequipa.org\/wp-content\/uploads\/2025\/10\/Resultados-capacitacion-curso-crochet.jpg 1060w, https:\/\/citearequipa.org\/wp-content\/uploads\/2025\/10\/Resultados-capacitacion-curso-crochet-1024x483.jpg 1024w, https:\/\/citearequipa.org\/wp-content\/uploads\/2025\/10\/Resultados-capacitacion-curso-crochet-768x362.jpg 768w, https:\/\/citearequipa.org\/wp-content\/uploads\/2025\/10\/Resultados-capacitacion-curso-crochet-640x302.jpg 640w, https:\/\/citearequipa.org\/wp-content\/uploads\/2025\/10\/Resultados-capacitacion-curso-crochet-400x189.jpg 400w, https:\/\/citearequipa.org\/wp-content\/uploads\/2025\/10\/Resultados-capacitacion-curso-crochet-367x173.jpg 367w\" sizes=\"auto, (max-width: 1060px) 100vw, 1060px\" \/><\/div>\r\n\t\t<\/div>\r\n\t<\/div>\r\n<\/div><div class=\"porto-item-wrap\">\r\n\t<div class=\"wpb_single_image wpb_content_element vc_align_left wpb_content_element  wpb_custom_81a4f7ef9830bf958462581aa01150fb\"><div class=\"wpb_wrapper\">\r\n\t\t\t\r\n\t\t\t<div class=\"vc_single_image-wrapper   vc_box_border_grey\"><img loading=\"lazy\" decoding=\"async\" width=\"1060\" height=\"500\" src=\"https:\/\/citearequipa.org\/wp-content\/uploads\/2025\/10\/Resultados-capacitacion-fieltro-1.jpg\" class=\"vc_single_image-img attachment-full\" alt=\"Fieltro\" title=\"Resultados-capacitacion-fieltro\" srcset=\"https:\/\/citearequipa.org\/wp-content\/uploads\/2025\/10\/Resultados-capacitacion-fieltro-1.jpg 1060w, https:\/\/citearequipa.org\/wp-content\/uploads\/2025\/10\/Resultados-capacitacion-fieltro-1-1024x483.jpg 1024w, https:\/\/citearequipa.org\/wp-content\/uploads\/2025\/10\/Resultados-capacitacion-fieltro-1-768x362.jpg 768w, https:\/\/citearequipa.org\/wp-content\/uploads\/2025\/10\/Resultados-capacitacion-fieltro-1-640x302.jpg 640w, https:\/\/citearequipa.org\/wp-content\/uploads\/2025\/10\/Resultados-capacitacion-fieltro-1-400x189.jpg 400w, https:\/\/citearequipa.org\/wp-content\/uploads\/2025\/10\/Resultados-capacitacion-fieltro-1-367x173.jpg 367w\" sizes=\"auto, (max-width: 1060px) 100vw, 1060px\" \/><\/div>\r\n\t\t<\/div>\r\n\t<\/div>\r\n<\/div><div class=\"porto-item-wrap\">\r\n\t<div class=\"wpb_single_image wpb_content_element vc_align_left wpb_content_element  wpb_custom_81a4f7ef9830bf958462581aa01150fb\"><div class=\"wpb_wrapper\">\r\n\t\t\t\r\n\t\t\t<div class=\"vc_single_image-wrapper   vc_box_border_grey\"><img loading=\"lazy\" decoding=\"async\" width=\"1060\" height=\"500\" src=\"https:\/\/citearequipa.org\/wp-content\/uploads\/2025\/10\/Resultados-capacitacion-tejido-mano.jpg\" class=\"vc_single_image-img attachment-full\" alt=\"Tejido a Mano\" title=\"Resultados-capacitacion-tejido-mano\" srcset=\"https:\/\/citearequipa.org\/wp-content\/uploads\/2025\/10\/Resultados-capacitacion-tejido-mano.jpg 1060w, https:\/\/citearequipa.org\/wp-content\/uploads\/2025\/10\/Resultados-capacitacion-tejido-mano-1024x483.jpg 1024w, https:\/\/citearequipa.org\/wp-content\/uploads\/2025\/10\/Resultados-capacitacion-tejido-mano-768x362.jpg 768w, https:\/\/citearequipa.org\/wp-content\/uploads\/2025\/10\/Resultados-capacitacion-tejido-mano-640x302.jpg 640w, https:\/\/citearequipa.org\/wp-content\/uploads\/2025\/10\/Resultados-capacitacion-tejido-mano-400x189.jpg 400w, https:\/\/citearequipa.org\/wp-content\/uploads\/2025\/10\/Resultados-capacitacion-tejido-mano-367x173.jpg 367w\" sizes=\"auto, (max-width: 1060px) 100vw, 1060px\" \/><\/div>\r\n\t\t<\/div>\r\n\t<\/div>\r\n<\/div><div class=\"porto-item-wrap\">\r\n\t<div class=\"wpb_single_image wpb_content_element vc_align_left wpb_content_element  wpb_custom_81a4f7ef9830bf958462581aa01150fb\"><div class=\"wpb_wrapper\">\r\n\t\t\t\r\n\t\t\t<div class=\"vc_single_image-wrapper   vc_box_border_grey\"><img loading=\"lazy\" decoding=\"async\" width=\"1060\" height=\"500\" src=\"https:\/\/citearequipa.org\/wp-content\/uploads\/2025\/10\/Resultados-capacitacion-tejido-telar.jpg\" class=\"vc_single_image-img attachment-full\" alt=\"\" title=\"Resultados-capacitacion-tejido---telar\" srcset=\"https:\/\/citearequipa.org\/wp-content\/uploads\/2025\/10\/Resultados-capacitacion-tejido-telar.jpg 1060w, https:\/\/citearequipa.org\/wp-content\/uploads\/2025\/10\/Resultados-capacitacion-tejido-telar-1024x483.jpg 1024w, https:\/\/citearequipa.org\/wp-content\/uploads\/2025\/10\/Resultados-capacitacion-tejido-telar-768x362.jpg 768w, https:\/\/citearequipa.org\/wp-content\/uploads\/2025\/10\/Resultados-capacitacion-tejido-telar-640x302.jpg 640w, https:\/\/citearequipa.org\/wp-content\/uploads\/2025\/10\/Resultados-capacitacion-tejido-telar-400x189.jpg 400w, https:\/\/citearequipa.org\/wp-content\/uploads\/2025\/10\/Resultados-capacitacion-tejido-telar-367x173.jpg 367w\" sizes=\"auto, (max-width: 1060px) 100vw, 1060px\" \/><\/div>\r\n\t\t<\/div>\r\n\t<\/div>\r\n<\/div><div class=\"porto-item-wrap\">\r\n\t<div class=\"wpb_single_image wpb_content_element vc_align_left wpb_content_element  wpb_custom_81a4f7ef9830bf958462581aa01150fb\"><div class=\"wpb_wrapper\">\r\n\t\t\t\r\n\t\t\t<div class=\"vc_single_image-wrapper   vc_box_border_grey\"><img loading=\"lazy\" decoding=\"async\" width=\"1060\" height=\"500\" src=\"https:\/\/citearequipa.org\/wp-content\/uploads\/2025\/10\/Resultados-capacitacion-tenido-natural.jpg\" class=\"vc_single_image-img attachment-full\" alt=\"\" title=\"Resultados-capacitacion-te\u00f1ido-natural\" srcset=\"https:\/\/citearequipa.org\/wp-content\/uploads\/2025\/10\/Resultados-capacitacion-tenido-natural.jpg 1060w, https:\/\/citearequipa.org\/wp-content\/uploads\/2025\/10\/Resultados-capacitacion-tenido-natural-1024x483.jpg 1024w, https:\/\/citearequipa.org\/wp-content\/uploads\/2025\/10\/Resultados-capacitacion-tenido-natural-768x362.jpg 768w, https:\/\/citearequipa.org\/wp-content\/uploads\/2025\/10\/Resultados-capacitacion-tenido-natural-640x302.jpg 640w, https:\/\/citearequipa.org\/wp-content\/uploads\/2025\/10\/Resultados-capacitacion-tenido-natural-400x189.jpg 400w, https:\/\/citearequipa.org\/wp-content\/uploads\/2025\/10\/Resultados-capacitacion-tenido-natural-367x173.jpg 367w\" sizes=\"auto, (max-width: 1060px) 100vw, 1060px\" \/><\/div>\r\n\t\t<\/div>\r\n\t<\/div>\r\n<\/div><\/div><\/div><script type=\"text\/javascript\" id=\"ultimate-carousel\">\r\n\t(function(){\r\n\t\tvar porto_inc_slick_js = function() {\r\n\t\t\t( function( $ ) {\r\n\t\t\t\tif ( $.fn.slick ) {\r\n\t\t\t\t\t$('.porto-carousel-1790672069f7102a1eaf8').slick({dots: false,autoplay: true,autoplaySpeed: 5000,speed: 300,infinite: true,arrows: true,nextArrow: '<button type=\"button\" role=\"button\" aria-label=\"Next\" style=\"color:#303030; font-size:24px;\" class=\"slick-next default\"><i class=\"fas fa-chevron-right\"><\/i><\/button>',prevArrow: '<button type=\"button\" role=\"button\" aria-label=\"Previous\" style=\"color:#303030; font-size:24px;\" class=\"slick-prev default\"><i class=\"fas fa-chevron-left\"><\/i><\/button>',slidesToScroll:1,slidesToShow:1,swipe: true,draggable: true,touchMove: true,pauseOnHover: true,responsive: [\r\n\t\t\t\t{\r\n\t\t\t\t  breakpoint: 1025,\r\n\t\t\t\t  settings: {\r\n\t\t\t\t\tslidesToShow: 1,\r\n\t\t\t\t\tslidesToScroll: 1,  \r\n\t\t\t\t  }\r\n\t\t\t\t},\r\n\t\t\t\t{\r\n\t\t\t\t  breakpoint: 769,\r\n\t\t\t\t  settings: {\r\n\t\t\t\t\tslidesToShow: 1,\r\n\t\t\t\t\tslidesToScroll: 1\r\n\t\t\t\t  }\r\n\t\t\t\t},\r\n\t\t\t\t{\r\n\t\t\t\t  breakpoint: 481,\r\n\t\t\t\t  settings: {\r\n\t\t\t\t\tslidesToShow: 1,\r\n\t\t\t\t\tslidesToScroll: 1\r\n\t\t\t\t  }\r\n\t\t\t\t}\r\n\t\t\t],pauseOnDotsHover: true,customPaging: function(slider, i) {\r\n\t   return '<i type=\"button\" style=\"color:#333333;\" class=\"far fa-circle\" data-role=\"none\"><\/i>';\r\n\t},});\r\n\t\t\t\t} else {\r\n\t\t\t\t\t\t\t\t}\r\n\t\t\t} )( jQuery );\r\n\t\t};\r\n\r\n\t\tif ( window.theme && theme.isLoaded ) {\r\n\t\t\tporto_inc_slick_js();\r\n\t\t} else {\r\n\t\t\twindow.addEventListener( 'load', porto_inc_slick_js );\r\n\t\t}\r\n\t})();\r\n<\/script>\r\n<\/div><\/div><\/div><div id=\"textil-galeria-container\" class=\"vc_row wpb_row row top-row vc_custom_1759849502283 vc_row-has-fill wpb_custom_034b39d9bc6c6b310d69e39f0ccf274f\"><div class=\"vc_column_container col-md-12\"><div class=\"wpb_wrapper vc_column-inner\">\r\n\t<div class=\"wpb_text_column wpb_content_element galeria-titulo wpb_custom_2de644a22d04d1d4f91ec0bed521ccc6\" >\r\n\t\t<div class=\"wpb_wrapper\">\r\n\t\t\t<h2 style=\"text-align: center;\">Galer\u00eda Textil<\/h2>\n\r\n\t\t<\/div>\r\n\t<\/div>\r\n\r\n\t<div class=\"wpb_text_column wpb_content_element galeria-parrafo wpb_custom_88aee0a74c2f9f4ba293bac733d5ce7c\" >\r\n\t\t<div class=\"wpb_wrapper\">\r\n\t\t\t<p style=\"text-align: center;\">Venimos trabajando con artesanos de Caylloma, y durante este periodo se han llevado a cabo diversas capacitaciones<\/p>\n\r\n\t\t<\/div>\r\n\t<\/div>\r\n\n\t<div class=\"wpb_raw_code wpb_raw_html wpb_content_element vc_custom_1761322260701 galeria-imagenes\" >\n\t\t<div class=\"wpb_wrapper\">\n\t\t\t<div class=\"porto-gallery has-ccols ccols-1 has-ccols-spacing ccols-sm-2 ccols-md-3 ccols-lg-4 wpb_custom_dcba73ff00c575bf2d42b3c24a9f970b porto-gallery-grid align-items-stretch lightbox\" data-lightbox-options=\"{&quot;delegate&quot;:&quot;a&quot;,&quot;mainClass&quot;:&quot;mfp-with-zoom&quot;,&quot;zoom&quot;:{&quot;enabled&quot;:true,&quot;duration&quot;:300},&quot;gallery&quot;:{&quot;enabled&quot;:true},&quot;type&quot;:&quot;image&quot;}\"><a href=\"https:\/\/citearequipa.org\/wp-content\/uploads\/2025\/10\/textil-galeria-1-1.jpg\"><figure><img loading=\"lazy\" decoding=\"async\" width=\"480\" height=\"480\" src=\"https:\/\/citearequipa.org\/wp-content\/uploads\/2025\/10\/textil-galeria-1-1.jpg\" class=\"attachment-full size-full\" alt=\"\" srcset=\"https:\/\/citearequipa.org\/wp-content\/uploads\/2025\/10\/textil-galeria-1-1.jpg 480w, https:\/\/citearequipa.org\/wp-content\/uploads\/2025\/10\/textil-galeria-1-1-400x400.jpg 400w, https:\/\/citearequipa.org\/wp-content\/uploads\/2025\/10\/textil-galeria-1-1-367x367.jpg 367w\" sizes=\"auto, (max-width: 480px) 100vw, 480px\" \/><\/figure><\/a><a href=\"https:\/\/citearequipa.org\/wp-content\/uploads\/2025\/10\/textil-galeria-2-1.jpg\"><figure><img loading=\"lazy\" decoding=\"async\" width=\"480\" height=\"480\" src=\"https:\/\/citearequipa.org\/wp-content\/uploads\/2025\/10\/textil-galeria-2-1.jpg\" class=\"attachment-full size-full\" alt=\"\" srcset=\"https:\/\/citearequipa.org\/wp-content\/uploads\/2025\/10\/textil-galeria-2-1.jpg 480w, https:\/\/citearequipa.org\/wp-content\/uploads\/2025\/10\/textil-galeria-2-1-400x400.jpg 400w, https:\/\/citearequipa.org\/wp-content\/uploads\/2025\/10\/textil-galeria-2-1-367x367.jpg 367w\" sizes=\"auto, (max-width: 480px) 100vw, 480px\" \/><\/figure><\/a><a href=\"https:\/\/citearequipa.org\/wp-content\/uploads\/2025\/10\/textil-galeria-3-1.jpg\"><figure><img loading=\"lazy\" decoding=\"async\" width=\"480\" height=\"480\" src=\"https:\/\/citearequipa.org\/wp-content\/uploads\/2025\/10\/textil-galeria-3-1.jpg\" class=\"attachment-full size-full\" alt=\"\" srcset=\"https:\/\/citearequipa.org\/wp-content\/uploads\/2025\/10\/textil-galeria-3-1.jpg 480w, https:\/\/citearequipa.org\/wp-content\/uploads\/2025\/10\/textil-galeria-3-1-400x400.jpg 400w, https:\/\/citearequipa.org\/wp-content\/uploads\/2025\/10\/textil-galeria-3-1-367x367.jpg 367w\" sizes=\"auto, (max-width: 480px) 100vw, 480px\" \/><\/figure><\/a><a href=\"https:\/\/citearequipa.org\/wp-content\/uploads\/2025\/10\/textil-galeria-4-1.jpg\"><figure><img loading=\"lazy\" decoding=\"async\" width=\"480\" height=\"480\" src=\"https:\/\/citearequipa.org\/wp-content\/uploads\/2025\/10\/textil-galeria-4-1.jpg\" class=\"attachment-full size-full\" alt=\"\" srcset=\"https:\/\/citearequipa.org\/wp-content\/uploads\/2025\/10\/textil-galeria-4-1.jpg 480w, https:\/\/citearequipa.org\/wp-content\/uploads\/2025\/10\/textil-galeria-4-1-400x400.jpg 400w, https:\/\/citearequipa.org\/wp-content\/uploads\/2025\/10\/textil-galeria-4-1-367x367.jpg 367w\" sizes=\"auto, (max-width: 480px) 100vw, 480px\" \/><\/figure><\/a><\/div>\n\t\t<\/div>\n\t<\/div>\n<\/div><\/div><\/div><div id=\"textil-libro-bordados-container\" data-vc-full-width=\"true\" data-vc-full-width-temp=\"true\" data-vc-full-width-init=\"false\" data-vc-stretch-content=\"true\" class=\"vc_row wpb_row top-row vc_custom_1759298789234 vc_row-has-fill vc_row-no-padding porto-inner-container wpb_custom_034b39d9bc6c6b310d69e39f0ccf274f\"><div class=\"porto-wrap-container container\"><div class=\"row\"><div class=\"seccion-img vc_column_container col-md-6\"><div class=\"wpb_wrapper vc_column-inner\">\r\n\t<div class=\"wpb_single_image wpb_content_element vc_align_center wpb_content_element  vc_custom_1761317864123  seccion-img-principal wpb_custom_81a4f7ef9830bf958462581aa01150fb\"><div class=\"wpb_wrapper\">\r\n\t\t\t\r\n\t\t\t<div class=\"vc_single_image-wrapper   vc_box_border_grey\"><img loading=\"lazy\" decoding=\"async\" width=\"600\" height=\"570\" src=\"https:\/\/citearequipa.org\/wp-content\/uploads\/2025\/10\/6.libro_.jpg\" class=\"vc_single_image-img attachment-full\" alt=\"Libro Bordados del Colca\" title=\"6.libro\" srcset=\"https:\/\/citearequipa.org\/wp-content\/uploads\/2025\/10\/6.libro_.jpg 600w, https:\/\/citearequipa.org\/wp-content\/uploads\/2025\/10\/6.libro_-400x380.jpg 400w, https:\/\/citearequipa.org\/wp-content\/uploads\/2025\/10\/6.libro_-367x349.jpg 367w\" sizes=\"auto, (max-width: 600px) 100vw, 600px\" \/><\/div>\r\n\t\t<\/div>\r\n\t<\/div>\r\n<\/div><\/div><div class=\"seccion-contenido vc_column_container col-md-6\"><div class=\"wpb_wrapper vc_column-inner\">\r\n\t<div class=\"wpb_text_column wpb_content_element vc_custom_1759297844822 contenido-titulo wpb_custom_7d5acee68b36de85279f482c0a7f4614\" >\r\n\t\t<div class=\"wpb_wrapper\">\r\n\t\t\t<h3 style=\"text-align: left;\">Libro Bordados del Colca<\/h3>\n\r\n\t\t<\/div>\r\n\t<\/div>\r\n\r\n\t<div class=\"wpb_text_column wpb_content_element vc_custom_1759297854270 contenido-texto wpb_custom_2bcf8fa4d4e20887d6b75242905cc90e\" >\r\n\t\t<div class=\"wpb_wrapper\">\r\n\t\t\t<p>Este material bibliogr\u00e1fico refleja c\u00f3mo la historia perdura en las costumbres de los pueblos del Colca, manteni\u00e9ndolas vivas por generaciones. Cada bordado es identidad, es memoria, es la uni\u00f3n entre pasado y presente.<\/p>\n\r\n\t\t<\/div>\r\n\t<\/div>\r\n<div class=\"vc_row wpb_row vc_inner row contenido-botones\"><div class=\"vc_column_container col-md-12\"><div class=\"wpb_wrapper vc_column-inner\"><div class=\"vc_btn3-container  contenido-btn btn-descarga vc_btn3-inline vc_do_btn\" >\r\n\t<a class=\"vc_general vc_btn3 vc_btn3-size-md vc_btn3-shape-default vc_btn3-style-classic wpb_custom_6687b26f39488ddbb85ddb3c1ce8e111 vc_btn3-color-grey btn\" href=\"https:\/\/drive.google.com\/uc?export=download&id=13lcyq3ckjNxwbBjXjvH4E-PatWWXRe4Z\" title=\"\">Descargar PDF<\/a>\t<\/div>\r\n<div class=\"vc_btn3-container  contenido-btn btn-libro vc_btn3-inline vc_do_btn\" >\r\n\t<a class=\"vc_general vc_btn3 vc_btn3-size-md vc_btn3-shape-default vc_btn3-style-classic wpb_custom_6687b26f39488ddbb85ddb3c1ce8e111 vc_btn3-color-grey btn\" href=\"https:\/\/drive.google.com\/file\/d\/13lcyq3ckjNxwbBjXjvH4E-PatWWXRe4Z\/view?usp=sharing\" title=\"\" target=\"_blank\" rel=\"nofollow\">Ver libro online<\/a>\t<\/div>\r\n<\/div><\/div><\/div><\/div><\/div><\/div><\/div><\/div><div class=\"vc_row-full-width vc_clearfix\"><\/div><div id=\"formulario-container\" class=\"vc_row wpb_row row top-row wpb_custom_034b39d9bc6c6b310d69e39f0ccf274f\"><div class=\"vc_column_container col-md-12\"><div class=\"wpb_wrapper vc_column-inner\">\n\t<div class=\"wpb_raw_code wpb_raw_html wpb_content_element vc_custom_1760031861002\" >\n\t\t<div class=\"wpb_wrapper\">\n\t\t\t<div class=\"porto-block\" data-id=\"1965\"><style>.vc_custom_1760027495844{background-color: #dfe3ea !important;}.vc_custom_1760027601329{margin-bottom: 0px !important;}.wpb_custom_2de644a22d04d1d4f91ec0bed521ccc6 > .wpb_wrapper > *{font-family:DM Serif Display;color: #182238;}.page-top {\r\n    display: none;\r\n}\r\n\r\n#correo-container {\r\n    padding: 80px;  \r\n    display: flex;\r\n    justify-content: center;\r\n}\r\n\r\n#correo-container > .vc_column_container {\r\n    max-width: 800px;\r\n}\r\n\r\n#correo-container .correo-titulo h2 {\r\n    font-size: 46px;\r\n    font-weight: 500;\r\n    letter-spacing: 0.1px;\r\n    line-height: 1;\r\n    margin-bottom: 32px!important;\r\n}\r\n\r\n#correo-container .fullname-row,\r\n#correo-container .contact-info-row{\r\n    display: grid;\r\n    grid-template-columns: 1fr 1fr;\r\n    gap: 16px\r\n}\r\n\r\n#correo-container form input::placeholder,\r\n#correo-container form textarea::placeholder,\r\n#correo-container form select,\r\n#correo-container form select option  {\r\n    color: #303030;\r\n}\r\n\r\n#correo-container form input,\r\n#correo-container form textarea,\r\n#correo-container form select {\r\n    border: 1px solid #182238;\r\n    color: #182238;\r\n}\r\n\r\n#correo-container form  wpcf7-form-control {\r\n    color: #303030;\r\n}\r\n\r\n#correo-container form select {\r\n    width: 100%;\r\n}\r\n\r\n#correo-container button {\r\n    font-size: 16px !important;\r\n    padding: 8px 16px;\r\n    background: #182238;\r\n    color: #FFFFFF;\r\n    font-weight: 500;\r\n    border-radius: 0;\r\n    margin-right: 100%;\r\n}\r\n\r\n@media (max-width: 1025px) {\r\n    #correo-container {\r\n        padding: 80px 60px;\r\n    }\r\n    \r\n    #correo-container .correo-titulo h2 {\r\n        font-size: 42px;\r\n    }\r\n}\r\n\r\n\r\n@media (max-width: 769px) {\r\n    #correo-container {\r\n        padding: 60px 40px;\r\n    }\r\n    \r\n    #correo-container .correo-titulo h2 {\r\n        font-size: 32px;\r\n        margin-bottom: 20px !important;\r\n    }\r\n    \r\n    #correo-container button {\r\n        font-size: 14px !important;\r\n        padding: 6px 14px;\r\n    }\r\n}\r\n\r\n@media (max-width: 426px) {\r\n    #correo-container {\r\n        padding: 40px 20px;\r\n    }\r\n    #correo-container .correo-titulo h2 {\r\n        font-size: 24px;\r\n    }\r\n    \r\n    #correo-container .fullname-row, #correo-container .contact-info-row {\r\n        grid-template-columns: 1fr;\r\n        gap: 0;\r\n    }\r\n    \r\n    #correo-container button {\r\n        font-size: 12px !important;\r\n        padding: 6px 14px;\r\n    }\r\n}\r\n\r\n@media (max-width: 320px) {\r\n    #correo-container .correo-titulo h2 {\r\n        font-size: 22px;\r\n    }\r\n}<\/style><div id=\"correo-container\" class=\"vc_row wpb_row row top-row vc_custom_1760027495844 vc_row-has-fill wpb_custom_034b39d9bc6c6b310d69e39f0ccf274f\"><div class=\"vc_column_container col-md-12\"><div class=\"wpb_wrapper vc_column-inner\">\r\n\t<div class=\"wpb_text_column wpb_content_element vc_custom_1760027601329 correo-titulo wpb_custom_2de644a22d04d1d4f91ec0bed521ccc6\" >\r\n\t\t<div class=\"wpb_wrapper\">\r\n\t\t\t<h2>Cont\u00e1ctanos<\/h2>\n\r\n\t\t<\/div>\r\n\t<\/div>\r\n\n<div class=\"wpcf7 no-js\" id=\"wpcf7-f1960-o1\" lang=\"en-US\" dir=\"ltr\" data-wpcf7-id=\"1960\">\n<div class=\"screen-reader-response\"><p role=\"status\" aria-live=\"polite\" aria-atomic=\"true\"><\/p> <ul><\/ul><\/div>\n<form action=\"\/en\/wp-json\/wp\/v2\/pages\/1345#wpcf7-f1960-o1\" method=\"post\" class=\"wpcf7-form init\" aria-label=\"Contact form\" novalidate=\"novalidate\" data-status=\"init\">\n<fieldset class=\"hidden-fields-container\"><input type=\"hidden\" name=\"_wpcf7\" value=\"1960\" \/><input type=\"hidden\" name=\"_wpcf7_version\" value=\"6.1.5\" \/><input type=\"hidden\" name=\"_wpcf7_locale\" value=\"en_US\" \/><input type=\"hidden\" name=\"_wpcf7_unit_tag\" value=\"wpcf7-f1960-o1\" \/><input type=\"hidden\" name=\"_wpcf7_container_post\" value=\"0\" \/><input type=\"hidden\" name=\"_wpcf7_posted_data_hash\" value=\"\" \/><input type=\"hidden\" name=\"_wpcf7_recaptcha_response\" value=\"\" \/>\n<\/fieldset>\n<div class=\"fullname-row\">\n    <div class=\"form-group mb-3\">\n\t    <span class=\"wpcf7-form-control-wrap\" data-name=\"your-name\"><input size=\"40\" maxlength=\"400\" class=\"wpcf7-form-control wpcf7-text wpcf7-validates-as-required form-control\" aria-required=\"true\" aria-invalid=\"false\" placeholder=\"Nombre:\" value=\"\" type=\"text\" name=\"your-name\" \/><\/span>\n    <\/div>\n\n    <div class=\"form-group mb-3\">\n\t    <span class=\"wpcf7-form-control-wrap\" data-name=\"your-lastname\"><input size=\"40\" maxlength=\"400\" class=\"wpcf7-form-control wpcf7-text wpcf7-validates-as-required form-control\" aria-required=\"true\" aria-invalid=\"false\" placeholder=\"Apellido:\" value=\"\" type=\"text\" name=\"your-lastname\" \/><\/span>\n    <\/div>\n<\/div>\n\n<div class=\"form-group mb-3\">\n\t<span class=\"wpcf7-form-control-wrap\" data-name=\"your-email\"><input size=\"40\" maxlength=\"400\" class=\"wpcf7-form-control wpcf7-email wpcf7-validates-as-required wpcf7-text wpcf7-validates-as-email form-control\" aria-required=\"true\" aria-invalid=\"false\" placeholder=\"Correo:\" value=\"\" type=\"email\" name=\"your-email\" \/><\/span>\n<\/div>\n\n<div class=\"contact-info-row\">\n    <div class=\"form-group mb-3\">\n\t    <span class=\"wpcf7-form-control-wrap\" data-name=\"Phone\"><input size=\"40\" maxlength=\"400\" class=\"wpcf7-form-control wpcf7-tel wpcf7-validates-as-required wpcf7-text wpcf7-validates-as-tel form-control\" aria-required=\"true\" aria-invalid=\"false\" placeholder=\"Celular:\" value=\"\" type=\"tel\" name=\"Phone\" \/><\/span>\n    <\/div>\n\n    <div class=\"form-group mb-3\">\n            <span class=\"wpcf7-form-control-wrap\" data-name=\"you-line\"><select class=\"wpcf7-form-control wpcf7-select wpcf7-validates-as-required\" aria-required=\"true\" aria-invalid=\"false\" name=\"you-line\"><option value=\"\">L\u00ednea Artesanal<\/option><option value=\"L\u00ednea Textil\">L\u00ednea Textil<\/option><option value=\"L\u00ednea Joyer\u00eda\">L\u00ednea Joyer\u00eda<\/option><option value=\"Otras Artesan\u00edas\">Otras Artesan\u00edas<\/option><\/select><\/span>\n    <\/div>\n<\/div>\n\n<div class=\"form-group mb-4\">\n\t<span class=\"wpcf7-form-control-wrap\" data-name=\"your-message\"><textarea cols=\"40\" rows=\"7\" maxlength=\"2000\" class=\"wpcf7-form-control wpcf7-textarea wpcf7-validates-as-required form-control\" aria-required=\"true\" aria-invalid=\"false\" placeholder=\"Consulta:\" name=\"your-message\"><\/textarea><\/span>\n<\/div>\n\n<div class=\"form-group mb-3\">\n    <span class=\"wpcf7-form-control-wrap\" data-name=\"your-via\"><span class=\"wpcf7-form-control wpcf7-radio\"><span class=\"wpcf7-list-item first\"><label><input type=\"radio\" name=\"your-via\" value=\"Ll\u00e1mame\" \/><span class=\"wpcf7-list-item-label\">Ll\u00e1mame<\/span><\/label><\/span><span class=\"wpcf7-list-item last\"><label><input type=\"radio\" name=\"your-via\" value=\"Agendar reuni\u00f3n\" \/><span class=\"wpcf7-list-item-label\">Agendar reuni\u00f3n<\/span><\/label><\/span><\/span><\/span>\n<\/div>\n\n<div class=\"form-group text-lg-end mb-0\">\n    <button type=\"submit\" class=\"btn btn-primary btn-modern btn-lg\">ENVIAR<\/button>\n<\/div><div class=\"wpcf7-response-output\" aria-hidden=\"true\"><\/div>\n<\/form>\n<\/div>\n<\/div><\/div><\/div><\/div>\n\t\t<\/div>\n\t<\/div>\n<\/div><\/div><\/div>\n<\/div>","protected":false},"excerpt":{"rendered":"\u00c1rea Textil Desarrollando el sector textil artesanal de la Regi\u00f3n Arequipa Cont\u00e1ctanos Capacitaciones de Textiles Tejido a palitos Tejido a crochet Tejido a m\u00e1quina Hilado Artesanal Bordados del Colca Te\u00f1ido Natural Otras t\u00e9cnicas textiles Nuestros Servicios de Textil Control de calidadRevisi\u00f3n de prendas tejidas en cualquier tipo de hilado, verificando medidas, tensi\u00f3n, puntos y acabados. [...]","protected":false},"author":1,"featured_media":0,"parent":0,"menu_order":0,"comment_status":"closed","ping_status":"closed","template":"","meta":{"_acf_changed":false,"_joinchat":[],"footnotes":""},"class_list":["post-1345","page","type-page","status-publish","hentry"],"acf":[],"yoast_head":"<!-- This site is optimized with the Yoast SEO plugin v27.4 - https:\/\/yoast.com\/product\/yoast-seo-wordpress\/ -->\n<title>Textil - Cite Arequipa<\/title>\n<meta name=\"description\" content=\"Impulsa tus habilidades en tejido y dise\u00f1o textil con el CITE Arequipa. Capacitaciones, asesor\u00edas y servicios t\u00e9cnicos para artesanos del sector textil.\" \/>\n<meta name=\"robots\" content=\"index, follow, max-snippet:-1, max-image-preview:large, max-video-preview:-1\" \/>\n<link rel=\"canonical\" href=\"https:\/\/citearequipa.org\/en\/textil\/\" \/>\n<meta property=\"og:locale\" content=\"en_US\" \/>\n<meta property=\"og:type\" content=\"article\" \/>\n<meta property=\"og:title\" content=\"Textil - Cite Arequipa\" \/>\n<meta property=\"og:description\" content=\"Impulsa tus habilidades en tejido y dise\u00f1o textil con el CITE Arequipa. Capacitaciones, asesor\u00edas y servicios t\u00e9cnicos para artesanos del sector textil.\" \/>\n<meta property=\"og:url\" content=\"https:\/\/citearequipa.org\/en\/textil\/\" \/>\n<meta property=\"og:site_name\" content=\"Cite Arequipa\" \/>\n<meta property=\"article:publisher\" content=\"https:\/\/www.facebook.com\/citearequipa\/?locale=es_LA\" \/>\n<meta property=\"article:modified_time\" content=\"2025-11-24T13:41:47+00:00\" \/>\n<meta name=\"twitter:card\" content=\"summary_large_image\" \/>\n<meta name=\"twitter:label1\" content=\"Est. reading time\" \/>\n\t<meta name=\"twitter:data1\" content=\"2 minutes\" \/>\n<script type=\"application\/ld+json\" class=\"yoast-schema-graph\">{\"@context\":\"https:\\\/\\\/schema.org\",\"@graph\":[{\"@type\":\"WebPage\",\"@id\":\"https:\\\/\\\/citearequipa.org\\\/textil\\\/\",\"url\":\"https:\\\/\\\/citearequipa.org\\\/textil\\\/\",\"name\":\"Textil - Cite Arequipa\",\"isPartOf\":{\"@id\":\"https:\\\/\\\/citearequipa.org\\\/#website\"},\"datePublished\":\"2025-09-30T15:00:16+00:00\",\"dateModified\":\"2025-11-24T13:41:47+00:00\",\"description\":\"Impulsa tus habilidades en tejido y dise\u00f1o textil con el CITE Arequipa. Capacitaciones, asesor\u00edas y servicios t\u00e9cnicos para artesanos del sector textil.\",\"breadcrumb\":{\"@id\":\"https:\\\/\\\/citearequipa.org\\\/textil\\\/#breadcrumb\"},\"inLanguage\":\"en-US\",\"potentialAction\":[{\"@type\":\"ReadAction\",\"target\":[\"https:\\\/\\\/citearequipa.org\\\/textil\\\/\"]}]},{\"@type\":\"BreadcrumbList\",\"@id\":\"https:\\\/\\\/citearequipa.org\\\/textil\\\/#breadcrumb\",\"itemListElement\":[{\"@type\":\"ListItem\",\"position\":1,\"name\":\"Portada\",\"item\":\"https:\\\/\\\/citearequipa.org\\\/\"},{\"@type\":\"ListItem\",\"position\":2,\"name\":\"Textil\"}]},{\"@type\":\"WebSite\",\"@id\":\"https:\\\/\\\/citearequipa.org\\\/#website\",\"url\":\"https:\\\/\\\/citearequipa.org\\\/\",\"name\":\"Cite Arequipa\",\"description\":\"El CITE AREQUIPA es una instituci\u00f3n sin fines de lucro que busca fortalecer los sectores Textil y Joyero artesanal en la regi\u00f3n Arequipa.\",\"publisher\":{\"@id\":\"https:\\\/\\\/citearequipa.org\\\/#organization\"},\"potentialAction\":[{\"@type\":\"SearchAction\",\"target\":{\"@type\":\"EntryPoint\",\"urlTemplate\":\"https:\\\/\\\/citearequipa.org\\\/?s={search_term_string}\"},\"query-input\":{\"@type\":\"PropertyValueSpecification\",\"valueRequired\":true,\"valueName\":\"search_term_string\"}}],\"inLanguage\":\"en-US\"},{\"@type\":\"Organization\",\"@id\":\"https:\\\/\\\/citearequipa.org\\\/#organization\",\"name\":\"Cite Arequipa\",\"url\":\"https:\\\/\\\/citearequipa.org\\\/\",\"logo\":{\"@type\":\"ImageObject\",\"inLanguage\":\"en-US\",\"@id\":\"https:\\\/\\\/citearequipa.org\\\/#\\\/schema\\\/logo\\\/image\\\/\",\"url\":\"https:\\\/\\\/citearequipa.org\\\/wp-content\\\/uploads\\\/2025\\\/09\\\/logo-cite-header.png\",\"contentUrl\":\"https:\\\/\\\/citearequipa.org\\\/wp-content\\\/uploads\\\/2025\\\/09\\\/logo-cite-header.png\",\"width\":650,\"height\":500,\"caption\":\"Cite Arequipa\"},\"image\":{\"@id\":\"https:\\\/\\\/citearequipa.org\\\/#\\\/schema\\\/logo\\\/image\\\/\"},\"sameAs\":[\"https:\\\/\\\/www.facebook.com\\\/citearequipa\\\/?locale=es_LA\",\"https:\\\/\\\/www.instagram.com\\\/citearequipa\\\/?hl=es\",\"https:\\\/\\\/pe.linkedin.com\\\/company\\\/cite-arequipa\",\"https:\\\/\\\/www.tiktok.com\\\/@cite.arequipa\"]}]}<\/script>\n<!-- \/ Yoast SEO plugin. -->","yoast_head_json":{"title":"Textil - Cite Arequipa","description":"Impulsa tus habilidades en tejido y dise\u00f1o textil con el CITE Arequipa. Capacitaciones, asesor\u00edas y servicios t\u00e9cnicos para artesanos del sector textil.","robots":{"index":"index","follow":"follow","max-snippet":"max-snippet:-1","max-image-preview":"max-image-preview:large","max-video-preview":"max-video-preview:-1"},"canonical":"https:\/\/citearequipa.org\/en\/textil\/","og_locale":"en_US","og_type":"article","og_title":"Textil - Cite Arequipa","og_description":"Impulsa tus habilidades en tejido y dise\u00f1o textil con el CITE Arequipa. Capacitaciones, asesor\u00edas y servicios t\u00e9cnicos para artesanos del sector textil.","og_url":"https:\/\/citearequipa.org\/en\/textil\/","og_site_name":"Cite Arequipa","article_publisher":"https:\/\/www.facebook.com\/citearequipa\/?locale=es_LA","article_modified_time":"2025-11-24T13:41:47+00:00","twitter_card":"summary_large_image","twitter_misc":{"Est. reading time":"2 minutes"},"schema":{"@context":"https:\/\/schema.org","@graph":[{"@type":"WebPage","@id":"https:\/\/citearequipa.org\/textil\/","url":"https:\/\/citearequipa.org\/textil\/","name":"Textil - Cite Arequipa","isPartOf":{"@id":"https:\/\/citearequipa.org\/#website"},"datePublished":"2025-09-30T15:00:16+00:00","dateModified":"2025-11-24T13:41:47+00:00","description":"Impulsa tus habilidades en tejido y dise\u00f1o textil con el CITE Arequipa. Capacitaciones, asesor\u00edas y servicios t\u00e9cnicos para artesanos del sector textil.","breadcrumb":{"@id":"https:\/\/citearequipa.org\/textil\/#breadcrumb"},"inLanguage":"en-US","potentialAction":[{"@type":"ReadAction","target":["https:\/\/citearequipa.org\/textil\/"]}]},{"@type":"BreadcrumbList","@id":"https:\/\/citearequipa.org\/textil\/#breadcrumb","itemListElement":[{"@type":"ListItem","position":1,"name":"Portada","item":"https:\/\/citearequipa.org\/"},{"@type":"ListItem","position":2,"name":"Textil"}]},{"@type":"WebSite","@id":"https:\/\/citearequipa.org\/#website","url":"https:\/\/citearequipa.org\/","name":"Cite Arequipa","description":"El CITE AREQUIPA es una instituci\u00f3n sin fines de lucro que busca fortalecer los sectores Textil y Joyero artesanal en la regi\u00f3n Arequipa.","publisher":{"@id":"https:\/\/citearequipa.org\/#organization"},"potentialAction":[{"@type":"SearchAction","target":{"@type":"EntryPoint","urlTemplate":"https:\/\/citearequipa.org\/?s={search_term_string}"},"query-input":{"@type":"PropertyValueSpecification","valueRequired":true,"valueName":"search_term_string"}}],"inLanguage":"en-US"},{"@type":"Organization","@id":"https:\/\/citearequipa.org\/#organization","name":"Cite Arequipa","url":"https:\/\/citearequipa.org\/","logo":{"@type":"ImageObject","inLanguage":"en-US","@id":"https:\/\/citearequipa.org\/#\/schema\/logo\/image\/","url":"https:\/\/citearequipa.org\/wp-content\/uploads\/2025\/09\/logo-cite-header.png","contentUrl":"https:\/\/citearequipa.org\/wp-content\/uploads\/2025\/09\/logo-cite-header.png","width":650,"height":500,"caption":"Cite Arequipa"},"image":{"@id":"https:\/\/citearequipa.org\/#\/schema\/logo\/image\/"},"sameAs":["https:\/\/www.facebook.com\/citearequipa\/?locale=es_LA","https:\/\/www.instagram.com\/citearequipa\/?hl=es","https:\/\/pe.linkedin.com\/company\/cite-arequipa","https:\/\/www.tiktok.com\/@cite.arequipa"]}]}},"_links":{"self":[{"href":"https:\/\/citearequipa.org\/en\/wp-json\/wp\/v2\/pages\/1345","targetHints":{"allow":["GET"]}}],"collection":[{"href":"https:\/\/citearequipa.org\/en\/wp-json\/wp\/v2\/pages"}],"about":[{"href":"https:\/\/citearequipa.org\/en\/wp-json\/wp\/v2\/types\/page"}],"author":[{"embeddable":true,"href":"https:\/\/citearequipa.org\/en\/wp-json\/wp\/v2\/users\/1"}],"replies":[{"embeddable":true,"href":"https:\/\/citearequipa.org\/en\/wp-json\/wp\/v2\/comments?post=1345"}],"version-history":[{"count":104,"href":"https:\/\/citearequipa.org\/en\/wp-json\/wp\/v2\/pages\/1345\/revisions"}],"predecessor-version":[{"id":2766,"href":"https:\/\/citearequipa.org\/en\/wp-json\/wp\/v2\/pages\/1345\/revisions\/2766"}],"wp:attachment":[{"href":"https:\/\/citearequipa.org\/en\/wp-json\/wp\/v2\/media?parent=1345"}],"curies":[{"name":"wp","href":"https:\/\/api.w.org\/{rel}","templated":true}]}}