{"id":1413,"date":"2025-09-30T18:03:22","date_gmt":"2025-09-30T18:03:22","guid":{"rendered":"https:\/\/carlosa278.sg-host.com\/?page_id=1413"},"modified":"2025-10-21T16:35:06","modified_gmt":"2025-10-21T16:35:06","slug":"capacitaciones","status":"publish","type":"page","link":"https:\/\/citearequipa.org\/en\/capacitaciones\/","title":{"rendered":"Training Programs"},"content":{"rendered":"<div class=\"wpb-content-wrapper\"><div id=\"capacitaciones-hero-container\" data-vc-full-width=\"true\" data-vc-full-width-temp=\"true\" data-vc-full-width-init=\"false\" data-vc-stretch-content=\"true\" class=\"vc_row wpb_row row top-row vc_row-no-padding wpb_custom_034b39d9bc6c6b310d69e39f0ccf274f\"><div class=\"hero-column vc_column_container col-md-12 vc_custom_1759210268492\"><div class=\"wpb_wrapper vc_column-inner\">\r\n\t<div class=\"wpb_single_image wpb_content_element vc_align_left wpb_content_element   hero-img wpb_custom_81a4f7ef9830bf958462581aa01150fb\"><div class=\"wpb_wrapper\">\r\n\t\t\t\r\n\t\t\t<div class=\"vc_single_image-wrapper   vc_box_border_grey\"><img loading=\"lazy\" decoding=\"async\" width=\"1920\" height=\"1000\" src=\"https:\/\/citearequipa.org\/wp-content\/uploads\/2025\/09\/capacitaciones-hero.jpg\" class=\"vc_single_image-img attachment-full\" alt=\"\u00c1rea Capacitaciones\" title=\"capacitaciones-hero\" srcset=\"https:\/\/citearequipa.org\/wp-content\/uploads\/2025\/09\/capacitaciones-hero.jpg 1920w, https:\/\/citearequipa.org\/wp-content\/uploads\/2025\/09\/capacitaciones-hero-1024x533.jpg 1024w, https:\/\/citearequipa.org\/wp-content\/uploads\/2025\/09\/capacitaciones-hero-768x400.jpg 768w, https:\/\/citearequipa.org\/wp-content\/uploads\/2025\/09\/capacitaciones-hero-1536x800.jpg 1536w, https:\/\/citearequipa.org\/wp-content\/uploads\/2025\/09\/capacitaciones-hero-640x333.jpg 640w, https:\/\/citearequipa.org\/wp-content\/uploads\/2025\/09\/capacitaciones-hero-400x208.jpg 400w, https:\/\/citearequipa.org\/wp-content\/uploads\/2025\/09\/capacitaciones-hero-1140x595.jpg 1140w, https:\/\/citearequipa.org\/wp-content\/uploads\/2025\/09\/capacitaciones-hero-367x191.jpg 367w\" sizes=\"auto, (max-width: 1920px) 100vw, 1920px\" \/><\/div>\r\n\t\t<\/div>\r\n\t<\/div>\r\n\n\t<div class=\"wpb_raw_code wpb_raw_html wpb_content_element vc_custom_1761064505503\" >\n\t\t<div class=\"wpb_wrapper\">\n\t\t\t<div class=\"capacitaciones-hero-contenido\">\n    <h1 class=\"capacitaciones-hero-title\">CITE Arequipa Training Programs<\/h1>    \n    <p class=\"capacitaciones-hero-parrafo\">Develop your skills through our specialized courses in textiles and jewelry.<\/p>\n    <a href=\"https:\/\/wa.link\/l16buz\"><button class=\"btn-mas\">Register Now<\/button><\/a>\n<\/div>\n\t\t<\/div>\n\t<\/div>\n<\/div><\/div><\/div><div class=\"vc_row-full-width vc_clearfix\"><\/div><div id=\"capacitaciones-titulo\" class=\"vc_row wpb_row row top-row vc_custom_1759568238300 vc_row-has-fill wpb_custom_034b39d9bc6c6b310d69e39f0ccf274f\"><div class=\"vc_column_container col-md-12\"><div class=\"wpb_wrapper vc_column-inner\">\r\n\t<div class=\"wpb_text_column wpb_content_element wpb_custom_7d5acee68b36de85279f482c0a7f4614\" >\r\n\t\t<div class=\"wpb_wrapper\">\r\n\t\t\t<h2 style=\"text-align: center;\">Explore Our Training Courses<\/h2>\n\r\n\t\t<\/div>\r\n\t<\/div>\r\n<\/div><\/div><\/div><div id=\"capacitaciones-grid-container\" class=\"vc_row wpb_row row top-row vc_custom_1759564396930 vc_row-has-fill wpb_custom_034b39d9bc6c6b310d69e39f0ccf274f\"><div class=\"vc_column_container col-md-12\"><div class=\"wpb_wrapper vc_column-inner\"><\/div><\/div><\/div><div id=\"capacitaciones-lista-container\" class=\"vc_row wpb_row row top-row vc_custom_1759569292195 vc_row-has-fill wpb_custom_034b39d9bc6c6b310d69e39f0ccf274f\"><div class=\"vc_column_container col-md-12\"><div class=\"wpb_wrapper vc_column-inner\">\r\n\t<div class=\"wpb_text_column wpb_content_element vc_custom_1759571223894 wpb_custom_7d5acee68b36de85279f482c0a7f4614\" >\r\n\t\t<div class=\"wpb_wrapper\">\r\n\t\t\t<h2>Why Train with Us?<\/h2>\n\r\n\t\t<\/div>\r\n\t<\/div>\r\n\n\t<div class=\"wpb_raw_code wpb_raw_html wpb_content_element vc_custom_1759570808195 list-content\" >\n\t\t<div class=\"wpb_wrapper\">\n\t\t\t<style>.porto-info-list50051140a4849fb63303b0645d9c0c55 i { color: #EFE1C7;font-size: 36px; }<\/style><ul class=\"porto-info-list  porto-info-list50051140a4849fb63303b0645d9c0c55 wpb_custom_815169ba175d9aa413b917c2fb0d55bc\"><li class=\"porto-info-list-item  wpb_custom_eade0171093a7591372ccf9372738e3d\"><i class=\"porto-info-icon porto-icon-check\"><\/i><div class=\"porto-info-list-item-desc\">We have specialized instructors with extensive experience who will guide you step by step throughout your training.<\/div><\/li><li class=\"porto-info-list-item  wpb_custom_eade0171093a7591372ccf9372738e3d\"><i class=\"porto-info-icon porto-icon-check\"><\/i><div class=\"porto-info-list-item-desc\">Learn new techniques and trends that will help you stand out in the market and add greater value to your craftwork.<\/div><\/li><li class=\"porto-info-list-item  wpb_custom_eade0171093a7591372ccf9372738e3d\"><i class=\"porto-info-icon porto-icon-check\"><\/i><div class=\"porto-info-list-item-desc\">By training with us, we get to know your work closely \u2014 opening more opportunities to promote your brand through our digital platforms and participation in trade fairs.<\/div><\/li><\/ul>\n\t\t<\/div>\n\t<\/div>\n<\/div><\/div><\/div><div id=\"capacitaciones-redes-container\" class=\"vc_row wpb_row row top-row vc_custom_1759792887075 vc_row-has-fill wpb_custom_034b39d9bc6c6b310d69e39f0ccf274f\"><div class=\"vc_column_container col-md-12\"><div class=\"wpb_wrapper vc_column-inner\"><div class=\"vc_row wpb_row vc_inner row ubi-redes\"><div class=\"vc_column_container col-md-12\"><div class=\"wpb_wrapper vc_column-inner\">\r\n\t<div class=\"wpb_text_column wpb_content_element vc_custom_1759792448399 ubicacion-titulo1 wpb_custom_d53a91eddf5c0e923c6ce29c880ec7ca\" >\r\n\t\t<div class=\"wpb_wrapper\">\r\n\t\t\t<h4>Follow us to find out about new programs<\/h4>\n\r\n\t\t<\/div>\r\n\t<\/div>\r\n<div class=\"share-links wpb_custom_8b8c1eda9afab01600c953cf0c921428 ubi-logos\">\t\t<a target=\"_blank\"  rel=\"nofollow noopener noreferrer\" class=\"share-facebook\" href=\"https:\/\/www.facebook.com\/citearequipa\/?locale=es_LA\" aria-label=\"Facebook\" title=\"Facebook\"><\/a>\r\n\t\t\t\t<a target=\"_blank\"  rel=\"nofollow noopener noreferrer\" class=\"share-instagram\" href=\"https:\/\/www.instagram.com\/citearequipa\/?hl=es\" aria-label=\"Instagram\" title=\"Instagram\"><\/a>\r\n\t\t\t\t<a target=\"_blank\"  rel=\"nofollow noopener noreferrer\" class=\"share-linkedin\" href=\"https:\/\/pe.linkedin.com\/company\/cite-arequipa\" aria-label=\"LinkedIn\" title=\"LinkedIn\"><\/a>\r\n\t\t\t\t<a target=\"_blank\"  rel=\"nofollow noopener noreferrer\" class=\"share-tiktok\" href=\"https:\/\/www.tiktok.com\/@cite.arequipa\" aria-label=\"Tiktok\" title=\"Tiktok\"><\/a>\r\n\t\t<\/div><\/div><\/div><\/div><\/div><\/div><\/div>\n<\/div>","protected":false},"excerpt":{"rendered":"Capacitaciones CITE Arequipa Desarrolla tus habilidades con nuestros cursos especializados en textil y joyer\u00eda. Inscr\u00edbete ahora Explora nuestras capacitaciones \u00bfPor qu\u00e9 capacitarte con nosotros? Contamos con docentes especializados y con amplia experiencia, que te guiar\u00e1n paso a paso en tu formaci\u00f3n.Aprender\u00e1s nuevas t\u00e9cnicas y tendencias que te ayudar\u00e1n a diferenciarte en el mercado, as\u00ed como [...]","protected":false},"author":1,"featured_media":0,"parent":0,"menu_order":0,"comment_status":"closed","ping_status":"closed","template":"","meta":{"_acf_changed":false,"_joinchat":[],"footnotes":""},"class_list":["post-1413","page","type-page","status-publish","hentry"],"acf":[],"yoast_head":"<!-- This site is optimized with the Yoast SEO plugin v27.4 - https:\/\/yoast.com\/product\/yoast-seo-wordpress\/ -->\n<title>Capacitaciones - Cite Arequipa<\/title>\n<meta name=\"description\" content=\"Mejora tus habilidades con los cursos de joyer\u00eda y textil del CITE Arequipa. Capacitaciones pr\u00e1cticas dictadas por expertos para fortalecer tu producci\u00f3n artesanal.\" \/>\n<meta name=\"robots\" content=\"index, follow, max-snippet:-1, max-image-preview:large, max-video-preview:-1\" \/>\n<link rel=\"canonical\" href=\"https:\/\/citearequipa.org\/en\/capacitaciones\/\" \/>\n<meta property=\"og:locale\" content=\"en_US\" \/>\n<meta property=\"og:type\" content=\"article\" \/>\n<meta property=\"og:title\" content=\"Capacitaciones - Cite Arequipa\" \/>\n<meta property=\"og:description\" content=\"Mejora tus habilidades con los cursos de joyer\u00eda y textil del CITE Arequipa. Capacitaciones pr\u00e1cticas dictadas por expertos para fortalecer tu producci\u00f3n artesanal.\" \/>\n<meta property=\"og:url\" content=\"https:\/\/citearequipa.org\/en\/capacitaciones\/\" \/>\n<meta property=\"og:site_name\" content=\"Cite Arequipa\" \/>\n<meta property=\"article:publisher\" content=\"https:\/\/www.facebook.com\/citearequipa\/?locale=es_LA\" \/>\n<meta property=\"article:modified_time\" content=\"2025-10-21T16:35:06+00:00\" \/>\n<meta name=\"twitter:card\" content=\"summary_large_image\" \/>\n<meta name=\"twitter:label1\" content=\"Est. reading time\" \/>\n\t<meta name=\"twitter:data1\" content=\"1 minute\" \/>\n<script type=\"application\/ld+json\" class=\"yoast-schema-graph\">{\"@context\":\"https:\\\/\\\/schema.org\",\"@graph\":[{\"@type\":\"WebPage\",\"@id\":\"https:\\\/\\\/citearequipa.org\\\/capacitaciones\\\/\",\"url\":\"https:\\\/\\\/citearequipa.org\\\/capacitaciones\\\/\",\"name\":\"Capacitaciones - Cite Arequipa\",\"isPartOf\":{\"@id\":\"https:\\\/\\\/citearequipa.org\\\/#website\"},\"datePublished\":\"2025-09-30T18:03:22+00:00\",\"dateModified\":\"2025-10-21T16:35:06+00:00\",\"description\":\"Mejora tus habilidades con los cursos de joyer\u00eda y textil del CITE Arequipa. Capacitaciones pr\u00e1cticas dictadas por expertos para fortalecer tu producci\u00f3n artesanal.\",\"breadcrumb\":{\"@id\":\"https:\\\/\\\/citearequipa.org\\\/capacitaciones\\\/#breadcrumb\"},\"inLanguage\":\"en-US\",\"potentialAction\":[{\"@type\":\"ReadAction\",\"target\":[\"https:\\\/\\\/citearequipa.org\\\/capacitaciones\\\/\"]}]},{\"@type\":\"BreadcrumbList\",\"@id\":\"https:\\\/\\\/citearequipa.org\\\/capacitaciones\\\/#breadcrumb\",\"itemListElement\":[{\"@type\":\"ListItem\",\"position\":1,\"name\":\"Portada\",\"item\":\"https:\\\/\\\/citearequipa.org\\\/\"},{\"@type\":\"ListItem\",\"position\":2,\"name\":\"Capacitaciones\"}]},{\"@type\":\"WebSite\",\"@id\":\"https:\\\/\\\/citearequipa.org\\\/#website\",\"url\":\"https:\\\/\\\/citearequipa.org\\\/\",\"name\":\"Cite Arequipa\",\"description\":\"El CITE AREQUIPA es una instituci\u00f3n sin fines de lucro que busca fortalecer los sectores Textil y Joyero artesanal en la regi\u00f3n Arequipa.\",\"publisher\":{\"@id\":\"https:\\\/\\\/citearequipa.org\\\/#organization\"},\"potentialAction\":[{\"@type\":\"SearchAction\",\"target\":{\"@type\":\"EntryPoint\",\"urlTemplate\":\"https:\\\/\\\/citearequipa.org\\\/?s={search_term_string}\"},\"query-input\":{\"@type\":\"PropertyValueSpecification\",\"valueRequired\":true,\"valueName\":\"search_term_string\"}}],\"inLanguage\":\"en-US\"},{\"@type\":\"Organization\",\"@id\":\"https:\\\/\\\/citearequipa.org\\\/#organization\",\"name\":\"Cite Arequipa\",\"url\":\"https:\\\/\\\/citearequipa.org\\\/\",\"logo\":{\"@type\":\"ImageObject\",\"inLanguage\":\"en-US\",\"@id\":\"https:\\\/\\\/citearequipa.org\\\/#\\\/schema\\\/logo\\\/image\\\/\",\"url\":\"https:\\\/\\\/citearequipa.org\\\/wp-content\\\/uploads\\\/2025\\\/09\\\/logo-cite-header.png\",\"contentUrl\":\"https:\\\/\\\/citearequipa.org\\\/wp-content\\\/uploads\\\/2025\\\/09\\\/logo-cite-header.png\",\"width\":650,\"height\":500,\"caption\":\"Cite Arequipa\"},\"image\":{\"@id\":\"https:\\\/\\\/citearequipa.org\\\/#\\\/schema\\\/logo\\\/image\\\/\"},\"sameAs\":[\"https:\\\/\\\/www.facebook.com\\\/citearequipa\\\/?locale=es_LA\",\"https:\\\/\\\/www.instagram.com\\\/citearequipa\\\/?hl=es\",\"https:\\\/\\\/pe.linkedin.com\\\/company\\\/cite-arequipa\",\"https:\\\/\\\/www.tiktok.com\\\/@cite.arequipa\"]}]}<\/script>\n<!-- \/ Yoast SEO plugin. -->","yoast_head_json":{"title":"Capacitaciones - Cite Arequipa","description":"Mejora tus habilidades con los cursos de joyer\u00eda y textil del CITE Arequipa. Capacitaciones pr\u00e1cticas dictadas por expertos para fortalecer tu producci\u00f3n artesanal.","robots":{"index":"index","follow":"follow","max-snippet":"max-snippet:-1","max-image-preview":"max-image-preview:large","max-video-preview":"max-video-preview:-1"},"canonical":"https:\/\/citearequipa.org\/en\/capacitaciones\/","og_locale":"en_US","og_type":"article","og_title":"Capacitaciones - Cite Arequipa","og_description":"Mejora tus habilidades con los cursos de joyer\u00eda y textil del CITE Arequipa. Capacitaciones pr\u00e1cticas dictadas por expertos para fortalecer tu producci\u00f3n artesanal.","og_url":"https:\/\/citearequipa.org\/en\/capacitaciones\/","og_site_name":"Cite Arequipa","article_publisher":"https:\/\/www.facebook.com\/citearequipa\/?locale=es_LA","article_modified_time":"2025-10-21T16:35:06+00:00","twitter_card":"summary_large_image","twitter_misc":{"Est. reading time":"1 minute"},"schema":{"@context":"https:\/\/schema.org","@graph":[{"@type":"WebPage","@id":"https:\/\/citearequipa.org\/capacitaciones\/","url":"https:\/\/citearequipa.org\/capacitaciones\/","name":"Capacitaciones - Cite Arequipa","isPartOf":{"@id":"https:\/\/citearequipa.org\/#website"},"datePublished":"2025-09-30T18:03:22+00:00","dateModified":"2025-10-21T16:35:06+00:00","description":"Mejora tus habilidades con los cursos de joyer\u00eda y textil del CITE Arequipa. Capacitaciones pr\u00e1cticas dictadas por expertos para fortalecer tu producci\u00f3n artesanal.","breadcrumb":{"@id":"https:\/\/citearequipa.org\/capacitaciones\/#breadcrumb"},"inLanguage":"en-US","potentialAction":[{"@type":"ReadAction","target":["https:\/\/citearequipa.org\/capacitaciones\/"]}]},{"@type":"BreadcrumbList","@id":"https:\/\/citearequipa.org\/capacitaciones\/#breadcrumb","itemListElement":[{"@type":"ListItem","position":1,"name":"Portada","item":"https:\/\/citearequipa.org\/"},{"@type":"ListItem","position":2,"name":"Capacitaciones"}]},{"@type":"WebSite","@id":"https:\/\/citearequipa.org\/#website","url":"https:\/\/citearequipa.org\/","name":"Cite Arequipa","description":"El CITE AREQUIPA es una instituci\u00f3n sin fines de lucro que busca fortalecer los sectores Textil y Joyero artesanal en la regi\u00f3n Arequipa.","publisher":{"@id":"https:\/\/citearequipa.org\/#organization"},"potentialAction":[{"@type":"SearchAction","target":{"@type":"EntryPoint","urlTemplate":"https:\/\/citearequipa.org\/?s={search_term_string}"},"query-input":{"@type":"PropertyValueSpecification","valueRequired":true,"valueName":"search_term_string"}}],"inLanguage":"en-US"},{"@type":"Organization","@id":"https:\/\/citearequipa.org\/#organization","name":"Cite Arequipa","url":"https:\/\/citearequipa.org\/","logo":{"@type":"ImageObject","inLanguage":"en-US","@id":"https:\/\/citearequipa.org\/#\/schema\/logo\/image\/","url":"https:\/\/citearequipa.org\/wp-content\/uploads\/2025\/09\/logo-cite-header.png","contentUrl":"https:\/\/citearequipa.org\/wp-content\/uploads\/2025\/09\/logo-cite-header.png","width":650,"height":500,"caption":"Cite Arequipa"},"image":{"@id":"https:\/\/citearequipa.org\/#\/schema\/logo\/image\/"},"sameAs":["https:\/\/www.facebook.com\/citearequipa\/?locale=es_LA","https:\/\/www.instagram.com\/citearequipa\/?hl=es","https:\/\/pe.linkedin.com\/company\/cite-arequipa","https:\/\/www.tiktok.com\/@cite.arequipa"]}]}},"_links":{"self":[{"href":"https:\/\/citearequipa.org\/en\/wp-json\/wp\/v2\/pages\/1413","targetHints":{"allow":["GET"]}}],"collection":[{"href":"https:\/\/citearequipa.org\/en\/wp-json\/wp\/v2\/pages"}],"about":[{"href":"https:\/\/citearequipa.org\/en\/wp-json\/wp\/v2\/types\/page"}],"author":[{"embeddable":true,"href":"https:\/\/citearequipa.org\/en\/wp-json\/wp\/v2\/users\/1"}],"replies":[{"embeddable":true,"href":"https:\/\/citearequipa.org\/en\/wp-json\/wp\/v2\/comments?post=1413"}],"version-history":[{"count":38,"href":"https:\/\/citearequipa.org\/en\/wp-json\/wp\/v2\/pages\/1413\/revisions"}],"predecessor-version":[{"id":2622,"href":"https:\/\/citearequipa.org\/en\/wp-json\/wp\/v2\/pages\/1413\/revisions\/2622"}],"wp:attachment":[{"href":"https:\/\/citearequipa.org\/en\/wp-json\/wp\/v2\/media?parent=1413"}],"curies":[{"name":"wp","href":"https:\/\/api.w.org\/{rel}","templated":true}]}}